{"id":6751,"date":"2025-12-10T16:55:47","date_gmt":"2025-12-10T15:55:47","guid":{"rendered":"https:\/\/www.campusdescriptura.com\/curs\/curso-el-temps-narratiu\/"},"modified":"2026-04-29T16:42:14","modified_gmt":"2026-04-29T14:42:14","slug":"curso-el-temps-narratiu","status":"publish","type":"curs","link":"https:\/\/www.campusdescriptura.com\/es\/curso\/curso-el-temps-narratiu\/","title":{"rendered":"Curso El temps narratiu"},"content":{"rendered":"\n<h3 class=\"wp-block-heading\">Capturar, escoger y representar los hechos<\/h3>\n\n<p>La gesti\u00f3n del tiempo es uno de los pilares fundamentales de la creaci\u00f3n literaria. Este curso est\u00e1 dise\u00f1ado para personas que quieran consolidar los conocimientos t\u00e9cnicos para profundizar en la compleja relaci\u00f3n entre el tiempo de la historia (la sucesi\u00f3n cronol\u00f3gica de los hechos) y el tiempo del relato (la manera en que se cuentan). <\/p>\n\n<p>El objetivo principal es aprender a pensar literariamente el tiempo en funci\u00f3n de las necesidades narrativas espec\u00edficas, captando los l\u00edmites y las posibilidades de esta herramienta. Se trata de adquirir el criterio est\u00e9tico necesario para captar, retener, escoger y representar los acontecimientos de una trama. <\/p>\n\n<p>El contenido se centra en el an\u00e1lisis de los siete elementos clave para regular las temporalidades de una narraci\u00f3n (que permiten al narrador controlar el recorrido y la velocidad del tiempo): la elipsis (omisi\u00f3n), el resumen (aceleraci\u00f3n), la escena (igualdad de tiempo), la pausa (desaceleraci\u00f3n del tiempo de la historia), el alargamiento (tiempo del relato superior al de la historia), la retrospecci\u00f3n (o flashback) y la prospecci\u00f3n (o flashforward).<\/p>\n\n<p>Adem\u00e1s, el curso pone el foco en la relevancia del desenlace como elemento primordial para la dosificaci\u00f3n y distribuci\u00f3n de la carga emotiva a lo largo del relato. En definitiva, ofrece los recursos t\u00e9cnicos para articular el transcurso temporal con precisi\u00f3n y con eficacia dram\u00e1tica. <\/p>\n\n<p><\/p>\n","protected":false},"featured_media":6730,"menu_order":20,"template":"","format":[186],"meta":{"_acf_changed":false,"inline_featured_image":false,"_uag_custom_page_level_css":""},"dia":[205],"duracio":[243],"idioma-exercicis":[188,189],"idioma":[199],"mapa-de-curs":[200],"tematica":[193],"area":[183],"class_list":["post-6751","curs","type-curs","status-publish","has-post-thumbnail","hentry","dia-jueves","duracio-curso-intensivo-de-verano-2","format-dual","idioma-exercicis-catalan","idioma-exercicis-castellano","idioma-catalan","mapa-de-curs-verano","tematica-otras-propuestas-escritura","area-escritura"],"acf":[],"yoast_head":"<!-- This site is optimized with the Yoast SEO plugin v27.0 - https:\/\/yoast.com\/product\/yoast-seo-wordpress\/ -->\n<title>Escola d&#039;Escriptura de Ateneu Barcelon\u00e8s<\/title>\n<meta name=\"robots\" content=\"index, follow, max-snippet:-1, max-image-preview:large, max-video-preview:-1\" \/>\n<link rel=\"canonical\" href=\"\/\" \/>\n<meta property=\"og:locale\" content=\"es_ES\" \/>\n<meta property=\"og:type\" content=\"article\" \/>\n<meta property=\"og:site_name\" content=\"Escola d&#039;Escriptura de Ateneu Barcelon\u00e8s\" \/>\n<meta name=\"twitter:card\" content=\"summary_large_image\" \/>\n<script type=\"application\/ld+json\" class=\"yoast-schema-graph\">{\"@context\":\"https:\/\/schema.org\",\"@graph\":[{\"@type\":\"CollectionPage\",\"@id\":null,\"url\":\"\",\"name\":\"\",\"isPartOf\":{\"@id\":\"https:\/\/www.campusdescriptura.com\/es\/#website\"},\"breadcrumb\":{\"@id\":\"#breadcrumb\"},\"inLanguage\":\"es\"},{\"@type\":\"BreadcrumbList\",\"@id\":\"#breadcrumb\",\"itemListElement\":[{\"@type\":\"ListItem\",\"position\":1,\"name\":\"Inici\",\"item\":\"https:\/\/www.campusdescriptura.com\/es\/\"},{\"@type\":\"ListItem\",\"position\":2,\"name\":\"Cursos\",\"item\":\"https:\/\/www.campusdescriptura.com\/cursos\/\"}]},{\"@type\":\"WebSite\",\"@id\":\"https:\/\/www.campusdescriptura.com\/es\/#website\",\"url\":\"https:\/\/www.campusdescriptura.com\/es\/\",\"name\":\"Escola d'escriptura\",\"description\":\"Comen\u00e7a la teva hist\u00f2ria\",\"potentialAction\":[{\"@type\":\"SearchAction\",\"target\":{\"@type\":\"EntryPoint\",\"urlTemplate\":\"https:\/\/www.campusdescriptura.com\/es\/?s={search_term_string}\"},\"query-input\":{\"@type\":\"PropertyValueSpecification\",\"valueRequired\":true,\"valueName\":\"search_term_string\"}}],\"inLanguage\":\"es\"}]}<\/script>\n<!-- \/ Yoast SEO plugin. -->","yoast_head_json":{"title":"Escola d&#039;Escriptura de Ateneu Barcelon\u00e8s","robots":{"index":"index","follow":"follow","max-snippet":"max-snippet:-1","max-image-preview":"max-image-preview:large","max-video-preview":"max-video-preview:-1"},"canonical":"\/","og_locale":"es_ES","og_type":"article","og_site_name":"Escola d&#039;Escriptura de Ateneu Barcelon\u00e8s","twitter_card":"summary_large_image","schema":{"@context":"https:\/\/schema.org","@graph":[{"@type":"CollectionPage","@id":null,"url":"","name":"","isPartOf":{"@id":"https:\/\/www.campusdescriptura.com\/es\/#website"},"breadcrumb":{"@id":"#breadcrumb"},"inLanguage":"es"},{"@type":"BreadcrumbList","@id":"#breadcrumb","itemListElement":[{"@type":"ListItem","position":1,"name":"Inici","item":"https:\/\/www.campusdescriptura.com\/es\/"},{"@type":"ListItem","position":2,"name":"Cursos","item":"https:\/\/www.campusdescriptura.com\/cursos\/"}]},{"@type":"WebSite","@id":"https:\/\/www.campusdescriptura.com\/es\/#website","url":"https:\/\/www.campusdescriptura.com\/es\/","name":"Escola d'escriptura","description":"Comen\u00e7a la teva hist\u00f2ria","potentialAction":[{"@type":"SearchAction","target":{"@type":"EntryPoint","urlTemplate":"https:\/\/www.campusdescriptura.com\/es\/?s={search_term_string}"},"query-input":{"@type":"PropertyValueSpecification","valueRequired":true,"valueName":"search_term_string"}}],"inLanguage":"es"}]}},"uagb_featured_image_src":{"full":["https:\/\/www.campusdescriptura.com\/wp-content\/uploads\/2026\/04\/El-temps-narratiu.webp",1024,687,false],"thumbnail":["https:\/\/www.campusdescriptura.com\/wp-content\/uploads\/2026\/04\/El-temps-narratiu-150x150.webp",150,150,true],"medium":["https:\/\/www.campusdescriptura.com\/wp-content\/uploads\/2026\/04\/El-temps-narratiu-300x201.webp",300,201,true],"medium_large":["https:\/\/www.campusdescriptura.com\/wp-content\/uploads\/2026\/04\/El-temps-narratiu-768x515.webp",768,515,true],"large":["https:\/\/www.campusdescriptura.com\/wp-content\/uploads\/2026\/04\/El-temps-narratiu.webp",960,644,false],"1536x1536":["https:\/\/www.campusdescriptura.com\/wp-content\/uploads\/2026\/04\/El-temps-narratiu.webp",1024,687,false],"2048x2048":["https:\/\/www.campusdescriptura.com\/wp-content\/uploads\/2026\/04\/El-temps-narratiu.webp",1024,687,false],"gform-image-choice-sm":["https:\/\/www.campusdescriptura.com\/wp-content\/uploads\/2026\/04\/El-temps-narratiu.webp",300,201,false],"gform-image-choice-md":["https:\/\/www.campusdescriptura.com\/wp-content\/uploads\/2026\/04\/El-temps-narratiu.webp",400,268,false],"gform-image-choice-lg":["https:\/\/www.campusdescriptura.com\/wp-content\/uploads\/2026\/04\/El-temps-narratiu.webp",600,403,false],"woocommerce_thumbnail":["https:\/\/www.campusdescriptura.com\/wp-content\/uploads\/2026\/04\/El-temps-narratiu-300x300.webp",300,300,true],"woocommerce_single":["https:\/\/www.campusdescriptura.com\/wp-content\/uploads\/2026\/04\/El-temps-narratiu-600x403.webp",600,403,true],"woocommerce_gallery_thumbnail":["https:\/\/www.campusdescriptura.com\/wp-content\/uploads\/2026\/04\/El-temps-narratiu-100x100.webp",100,100,true]},"uagb_author_info":{"display_name":"Equipo de redacci\u00f3n","author_link":"https:\/\/www.campusdescriptura.com\/es\/author\/"},"uagb_comment_info":0,"uagb_excerpt":"Capturar, escoger y representar los hechos La gesti\u00f3n del tiempo es uno de los pilares fundamentales de la creaci\u00f3n literaria. Este curso est\u00e1 dise\u00f1ado para personas que quieran consolidar los conocimientos t\u00e9cnicos para profundizar en la compleja relaci\u00f3n entre el tiempo de la historia (la sucesi\u00f3n cronol\u00f3gica de los hechos) y el tiempo del relato&hellip;","_links":{"self":[{"href":"https:\/\/www.campusdescriptura.com\/es\/wp-json\/wp\/v2\/curs\/6751"}],"collection":[{"href":"https:\/\/www.campusdescriptura.com\/es\/wp-json\/wp\/v2\/curs"}],"about":[{"href":"https:\/\/www.campusdescriptura.com\/es\/wp-json\/wp\/v2\/types\/curs"}],"wp:featuredmedia":[{"embeddable":true,"href":"https:\/\/www.campusdescriptura.com\/es\/wp-json\/wp\/v2\/media\/6730"}],"wp:attachment":[{"href":"https:\/\/www.campusdescriptura.com\/es\/wp-json\/wp\/v2\/media?parent=6751"}],"wp:term":[{"taxonomy":"dia","embeddable":true,"href":"https:\/\/www.campusdescriptura.com\/es\/wp-json\/wp\/v2\/dia?post=6751"},{"taxonomy":"duracio","embeddable":true,"href":"https:\/\/www.campusdescriptura.com\/es\/wp-json\/wp\/v2\/duracio?post=6751"},{"taxonomy":"format","embeddable":true,"href":"https:\/\/www.campusdescriptura.com\/es\/wp-json\/wp\/v2\/format?post=6751"},{"taxonomy":"idioma-exercicis","embeddable":true,"href":"https:\/\/www.campusdescriptura.com\/es\/wp-json\/wp\/v2\/idioma-exercicis?post=6751"},{"taxonomy":"idioma","embeddable":true,"href":"https:\/\/www.campusdescriptura.com\/es\/wp-json\/wp\/v2\/idioma?post=6751"},{"taxonomy":"mapa-de-curs","embeddable":true,"href":"https:\/\/www.campusdescriptura.com\/es\/wp-json\/wp\/v2\/mapa-de-curs?post=6751"},{"taxonomy":"tematica","embeddable":true,"href":"https:\/\/www.campusdescriptura.com\/es\/wp-json\/wp\/v2\/tematica?post=6751"},{"taxonomy":"area","embeddable":true,"href":"https:\/\/www.campusdescriptura.com\/es\/wp-json\/wp\/v2\/area?post=6751"}],"curies":[{"name":"wp","href":"https:\/\/api.w.org\/{rel}","templated":true}]}}